{"version":"1.0","provider_name":"Mediacritica","provider_url":"https:\/\/old.mediacritica.md\/ro","author_name":"Victoria","author_url":"https:\/\/old.mediacritica.md\/ro\/author\/cji_admin\/","title":"Audien\u021ba mass-media \u0219i cum se m\u0103soar\u0103 aceasta - Mediacritica","type":"rich","width":600,"height":338,"html":"<blockquote class=\"wp-embedded-content\"><a href=\"https:\/\/old.mediacritica.md\/ro\/audienta-mass-media-si-cum-se-masoara-aceasta\/\">Audien\u021ba mass-media \u0219i cum se m\u0103soar\u0103 aceasta<\/a><\/blockquote>\n<script type='text\/javascript'>\n<!--\/\/--><![CDATA[\/\/><!--\n\t\t\/*! This file is auto-generated *\/\n\t\t!function(d,l){\"use strict\";var e=!1,o=!1;if(l.querySelector)if(d.addEventListener)e=!0;if(d.wp=d.wp||{},!d.wp.receiveEmbedMessage)if(d.wp.receiveEmbedMessage=function(e){var t=e.data;if(t)if(t.secret||t.message||t.value)if(!\/[^a-zA-Z0-9]\/.test(t.secret)){var r,a,i,s,n,o=l.querySelectorAll('iframe[data-secret=\"'+t.secret+'\"]'),c=l.querySelectorAll('blockquote[data-secret=\"'+t.secret+'\"]');for(r=0;r<c.length;r++)c[r].style.display=\"none\";for(r=0;r<o.length;r++)if(a=o[r],e.source===a.contentWindow){if(a.removeAttribute(\"style\"),\"height\"===t.message){if(1e3<(i=parseInt(t.value,10)))i=1e3;else if(~~i<200)i=200;a.height=i}if(\"link\"===t.message)if(s=l.createElement(\"a\"),n=l.createElement(\"a\"),s.href=a.getAttribute(\"src\"),n.href=t.value,n.host===s.host)if(l.activeElement===a)d.top.location.href=t.value}}},e)d.addEventListener(\"message\",d.wp.receiveEmbedMessage,!1),l.addEventListener(\"DOMContentLoaded\",t,!1),d.addEventListener(\"load\",t,!1);function t(){if(!o){o=!0;var e,t,r,a,i=-1!==navigator.appVersion.indexOf(\"MSIE 10\"),s=!!navigator.userAgent.match(\/Trident.*rv:11\\.\/),n=l.querySelectorAll(\"iframe.wp-embedded-content\");for(t=0;t<n.length;t++){if(!(r=n[t]).getAttribute(\"data-secret\"))a=Math.random().toString(36).substr(2,10),r.src+=\"#?secret=\"+a,r.setAttribute(\"data-secret\",a);if(i||s)(e=r.cloneNode(!0)).removeAttribute(\"security\"),r.parentNode.replaceChild(e,r)}}}}(window,document);\n\/\/--><!]]>\n<\/script><iframe sandbox=\"allow-scripts\" security=\"restricted\" src=\"https:\/\/old.mediacritica.md\/ro\/audienta-mass-media-si-cum-se-masoara-aceasta\/embed\/\" width=\"600\" height=\"338\" title=\"&#8222;Audien\u021ba mass-media \u0219i cum se m\u0103soar\u0103 aceasta&#8221; &#8212; Mediacritica\" frameborder=\"0\" marginwidth=\"0\" marginheight=\"0\" scrolling=\"no\" class=\"wp-embedded-content\"><\/iframe>","thumbnail_url":"https:\/\/old.mediacritica.md\/wp-content\/uploads\/2017\/05\/cover-11.jpg","thumbnail_width":1023,"thumbnail_height":767,"description":"Diminea\u021ba devreme, cele mai mare audien\u021be le \u00eenregistreaz\u0103 radioul \u0219i ziarele, iar televizorul este cel mai vizionat \u00eentre orele 20 \u0219i 21. Pe online, cele mai c\u0103utate sunt \u0219tirile, iar cel mai mult timp pe internet \u00eel petrec femeile. Aceste date le putem afla din studiile de audien\u021b\u0103. Printr-o simpl\u0103 aritmetic\u0103, putem calcula num\u0103rul cititorilorMai mult"}